{"id":3457,"date":"2024-08-14T14:12:39","date_gmt":"2024-08-14T14:12:39","guid":{"rendered":"https:\/\/ibj.be\/?page_id=3457"},"modified":"2024-12-17T15:16:00","modified_gmt":"2024-12-17T14:16:00","slug":"regionale-activiteiten","status":"publish","type":"page","link":"https:\/\/ibj.be\/nl\/events\/regionale-activiteiten\/","title":{"rendered":"Regionale activiteiten"},"content":{"rendered":"\n<div class=\"wp-block-stackable-columns alignwide stk-block-columns stk-block stk-f686325 stk-block-background stk--has-background-overlay\" data-block-id=\"f686325\"><style>.stk-f686325 {background-color:linear-gradient(135deg,rgb(0,132,156) 0%,rgb(0,0,0) 100%) !important;border-top-left-radius:15px !important;border-top-right-radius:15px !important;border-bottom-right-radius:15px !important;border-bottom-left-radius:15px !important;overflow:hidden !important;padding-top:0px !important;padding-right:0px !important;padding-bottom:0px !important;padding-left:0px !important;margin-bottom:50px !important;}.stk-f686325:before{background-image:linear-gradient(135deg,rgb(0,132,156) 0%,rgb(0,0,0) 100%) !important;}.stk-f686325-column{--stk-columns-spacing:0px !important;}@media screen and (max-width:689px){.stk-f686325 {margin-bottom:30px !important;}}<\/style><div class=\"stk-row stk-inner-blocks stk-block-content stk-content-align stk-f686325-column\">\n<div class=\"wp-block-stackable-column stk-block-column stk-column stk-block stk-ee3e76c\" data-v=\"4\" data-block-id=\"ee3e76c\"><style>.stk-ee3e76c-container{margin-top:0px !important;margin-right:0px !important;margin-bottom:0px !important;margin-left:0px !important;min-height:200px !important;padding-top:0px !important;padding-right:0px !important;padding-bottom:0px !important;padding-left:0px !important;}.stk-ee3e76c-inner-blocks{justify-content:center !important;}.stk-ee3e76c {padding-top:0px !important;padding-right:0px !important;padding-bottom:0px !important;padding-left:0px !important;}@media screen and (max-width:999px){.stk-ee3e76c {padding-top:0px !important;padding-right:15px !important;padding-bottom:0px !important;padding-left:15px !important;}}@media screen and (max-width:689px){.stk-ee3e76c-container{min-height:160px !important;}}<\/style><div class=\"stk-column-wrapper stk-block-column__content stk-container stk-ee3e76c-container stk--no-background stk--no-padding\"><div class=\"stk--column-flex stk-block-content stk-inner-blocks stk-ee3e76c-inner-blocks\">\n<div class=\"wp-block-stackable-heading stk-block-heading stk-block-heading--v2 stk-block stk-deb44a2\" id=\"span-data-stk-dynamic-current-page-post-title-contenteditable-false-class-stk-dynamic-content-auto-draft-span\" data-block-id=\"deb44a2\"><style>.stk-deb44a2 .stk-block-heading__bottom-line{height:2px !important;background-color:var(--theme-palette-color-8, #ffffff) !important;margin-top:13px !important;}.stk-deb44a2 {margin-bottom:15px !important;}.stk-deb44a2 .stk-block-heading__text{color:var(--theme-palette-color-8, #ffffff) !important;}@media screen and (max-width:999px){.stk-deb44a2 .stk-block-heading__text{font-size:30px !important;}}@media screen and (max-width:689px){.stk-deb44a2 .stk-block-heading__text{font-size:21px !important;}}<\/style><h1 class=\"stk-block-heading__text has-text-color\">Regionale activiteiten<\/h1><div class=\"stk-block-heading__bottom-line\"><\/div><\/div>\n\n\n<div id=\"block_4dc789cf4ecb4ad2c3263dd4055aa986\" class=\"breadcrumbs-block \" style=\"\">\n        <ul id=\"ibj-breadcrumbs\" class=\"ibj-breadcrumbs\"><li class=\"item\"><a href=\"https:\/\/ibj.be\/nl\/\">Home<\/a><\/li><li class=\"separator\">\/<\/li><\/ul>    <\/div><\/div><\/div><\/div>\n<\/div><\/div>\n\n\n\n<div class=\"wp-block-stackable-heading stk-block-heading stk-block-heading--v2 stk-block stk-2c92bdc\" id=\"het-ibj-dicht-bij-u\" data-block-id=\"2c92bdc\"><style>.stk-2c92bdc {margin-bottom:15px !important;}.stk-2c92bdc .stk-block-heading__text{color:var(--theme-palette-color-1, #00849C) !important;}<\/style><h3 class=\"stk-block-heading__text has-text-color\">Het IBJ dicht bij u<\/h3><\/div>\n\n\n\n<div class=\"wp-block-stackable-text stk-block-text stk-block stk-1438fd3\" id=\"het-ibj-dicht-bij-u\" data-block-id=\"1438fd3\"><style>.stk-1438fd3 {margin-bottom:15px !important;}<\/style><p class=\"stk-block-text__text\">Om het IBJ nog beter bereikbaar te maken en om nog dichter bij \u00e1lle leden te staan, organiseren we elk seizoen enkele activiteiten in Vlaanderen en Walloni\u00eb, dit met de steun van onze regionale comit\u00e9s. Bijzonder hierbij zijn onze bedrijfsbezoeken waarbij de bedrijfsjurist ons kennis laat maken met zijn onderneming.<\/p><\/div>\n\n\n\n<div class=\"wp-block-stackable-text stk-block-text stk-block stk-c3169a2\" id=\"het-ibj-dicht-bij-u\" data-block-id=\"c3169a2\"><style>.stk-c3169a2 {margin-bottom:15px !important;}<\/style><p class=\"stk-block-text__text\">Onze webinars maken het ook mogelijk opleidingen te volgen zonder een fysieke verplaatsing te moeten doen. Het cre\u00ebren van relevante content en ervaringsuitwisseling staan ook hierbij centraal. Tot slot, besteden we ook aandacht aan het regionale aanbod in de <a href=\"https:\/\/ibj.be\/nl\/events\/voortgezette-opleiding\/\" data-type=\"page\" data-id=\"3078\"><strong>Voortgezette Opleiding<\/strong><\/a>.<\/p><\/div>\n\n\n\n<div class=\"wp-block-stackable-heading stk-block-heading stk-block-heading--v2 stk-block stk-c596879\" id=\"het-ibj-dicht-bij-u\" data-block-id=\"c596879\"><style>.stk-c596879 {margin-bottom:15px !important;}.stk-c596879 .stk-block-heading__text{color:var(--theme-palette-color-1, #00849C) !important;}<\/style><h3 class=\"stk-block-heading__text has-text-color\">Contact<\/h3><\/div>\n\n\n\n<div class=\"wp-block-stackable-text stk-block-text stk-block stk-e6881d8\" id=\"het-ibj-dicht-bij-u\" data-block-id=\"e6881d8\"><style>.stk-e6881d8 {margin-bottom:100px !important;}<\/style><p class=\"stk-block-text__text\"><strong>Julie Drouguet<\/strong><br>Event coordinator<br>T: 02\/500 03 24<br>E-mail: <strong><a href=\"mailto:julie.drouguet@ibj.be\">julie.drouguet@ibj.be<\/a><\/strong><\/p><\/div>\n\n\n<div id=\"block_d27d8077189a37bbcb6845d44ccbff69\" class=\"pagelink-block \" style=\"\">\n                                        <div class=\"pagelink-block-nav-title\">\n                    Activiteiten                <\/div>\n                        <nav class=\"pagelink-block-nav\">\n                <ul>\n                                                                    <li><a class=\"\" href=\"https:\/\/ibj.be\/nl\/events\/juridische-opleidingen\/\" title=\"Meer over: Juridische opleidingen\">Juridische opleidingen<\/a><\/li>\n                                                                    <li><a class=\"\" href=\"https:\/\/ibj.be\/nl\/events\/voortgezette-opleiding\/\" title=\"Meer over: Voortgezette Opleiding\">Voortgezette Opleiding<\/a><\/li>\n                                                                    <li><a class=\"\" href=\"https:\/\/ibj.be\/nl\/events\/opleiding-deontologie\/\" title=\"Meer over: Opleiding Deontologie\">Opleiding Deontologie<\/a><\/li>\n                                                                    <li><a class=\"\" href=\"https:\/\/ibj.be\/nl\/events\/dag-van-de-bedrijfsjuristen\/\" title=\"Meer over: Dag van de bedrijfsjuristen\">Dag van de bedrijfsjuristen<\/a><\/li>\n                                                                    <li><a class=\"\" href=\"https:\/\/ibj.be\/nl\/events\/legal-soft-skills-academy-2026\/\" title=\"Meer over: Legal Soft Skills Academy\">Legal Soft Skills Academy<\/a><\/li>\n                                                                    <li><a class=\"\" href=\"https:\/\/ibj.be\/nl\/events\/legal-tech\/\" title=\"Meer over: Legal Tech\">Legal Tech<\/a><\/li>\n                                                                    <li><a class=\"\" href=\"https:\/\/ibj.be\/nl\/events\/practice-groups\/\" title=\"Meer over: Practice Groups\">Practice Groups<\/a><\/li>\n                                                                    <li><a class=\"active\" href=\"https:\/\/ibj.be\/nl\/events\/regionale-activiteiten\/\" title=\"Meer over: Regionale activiteiten\">Regionale activiteiten<\/a><\/li>\n                                    <\/ul>\n            <\/nav>\n            <\/div>","protected":false},"excerpt":{"rendered":"<p>Om het IBJ nog beter bereikbaar te maken en om nog dichter bij \u00e1lle leden te staan, organiseren we elk seizoen enkele activiteiten in Vlaanderen en Walloni\u00eb, dit met de steun van onze regionale comit\u00e9s en regionale partners.<\/p>\n","protected":false},"author":1,"featured_media":0,"parent":3334,"menu_order":0,"comment_status":"closed","ping_status":"closed","template":"","meta":{"_acf_changed":false,"footnotes":""},"class_list":["post-3457","page","type-page","status-publish","hentry"],"blocksy_meta":[],"acf":[],"yoast_head":"<!-- This site is optimized with the Yoast SEO plugin v27.5 - https:\/\/yoast.com\/product\/yoast-seo-wordpress\/ -->\n<title>Regionale activiteiten - IBJ - IJE<\/title>\n<meta name=\"robots\" content=\"index, follow, max-snippet:-1, max-image-preview:large, max-video-preview:-1\" \/>\n<link rel=\"canonical\" href=\"https:\/\/ibj.be\/nl\/events\/regionale-activiteiten\/\" \/>\n<meta property=\"og:locale\" content=\"nl_NL\" \/>\n<meta property=\"og:type\" content=\"article\" \/>\n<meta property=\"og:title\" content=\"Regionale activiteiten - IBJ - IJE\" \/>\n<meta property=\"og:description\" content=\"Om het IBJ nog beter bereikbaar te maken en om nog dichter bij \u00e1lle leden te staan, organiseren we elk seizoen enkele activiteiten in Vlaanderen en Walloni\u00eb, dit met de steun van onze regionale comit\u00e9s en regionale partners.\" \/>\n<meta property=\"og:url\" content=\"https:\/\/ibj.be\/nl\/events\/regionale-activiteiten\/\" \/>\n<meta property=\"og:site_name\" content=\"IBJ - IJE\" \/>\n<meta property=\"article:modified_time\" content=\"2024-12-17T14:16:00+00:00\" \/>\n<meta name=\"twitter:card\" content=\"summary_large_image\" \/>\n<meta name=\"twitter:label1\" content=\"Geschatte leestijd\" \/>\n\t<meta name=\"twitter:data1\" content=\"1 minuut\" \/>\n<script type=\"application\/ld+json\" class=\"yoast-schema-graph\">{\"@context\":\"https:\\\/\\\/schema.org\",\"@graph\":[{\"@type\":\"WebPage\",\"@id\":\"https:\\\/\\\/ibj.be\\\/nl\\\/events\\\/regionale-activiteiten\\\/\",\"url\":\"https:\\\/\\\/ibj.be\\\/nl\\\/events\\\/regionale-activiteiten\\\/\",\"name\":\"Regionale activiteiten - IBJ - IJE\",\"isPartOf\":{\"@id\":\"https:\\\/\\\/ibj.be\\\/nl\\\/#website\"},\"datePublished\":\"2024-08-14T14:12:39+00:00\",\"dateModified\":\"2024-12-17T14:16:00+00:00\",\"breadcrumb\":{\"@id\":\"https:\\\/\\\/ibj.be\\\/nl\\\/events\\\/regionale-activiteiten\\\/#breadcrumb\"},\"inLanguage\":\"nl-NL\",\"potentialAction\":[{\"@type\":\"ReadAction\",\"target\":[\"https:\\\/\\\/ibj.be\\\/nl\\\/events\\\/regionale-activiteiten\\\/\"]}]},{\"@type\":\"BreadcrumbList\",\"@id\":\"https:\\\/\\\/ibj.be\\\/nl\\\/events\\\/regionale-activiteiten\\\/#breadcrumb\",\"itemListElement\":[{\"@type\":\"ListItem\",\"position\":1,\"name\":\"Home\",\"item\":\"https:\\\/\\\/ibj.be\\\/nl\\\/\"},{\"@type\":\"ListItem\",\"position\":2,\"name\":\"Activiteiten\",\"item\":\"https:\\\/\\\/ibj.be\\\/nl\\\/events\\\/\"},{\"@type\":\"ListItem\",\"position\":3,\"name\":\"Regionale activiteiten\"}]},{\"@type\":\"WebSite\",\"@id\":\"https:\\\/\\\/ibj.be\\\/nl\\\/#website\",\"url\":\"https:\\\/\\\/ibj.be\\\/nl\\\/\",\"name\":\"IBJ - IJE\",\"description\":\"\",\"publisher\":{\"@id\":\"https:\\\/\\\/ibj.be\\\/nl\\\/#organization\"},\"potentialAction\":[{\"@type\":\"SearchAction\",\"target\":{\"@type\":\"EntryPoint\",\"urlTemplate\":\"https:\\\/\\\/ibj.be\\\/nl\\\/?s={search_term_string}\"},\"query-input\":{\"@type\":\"PropertyValueSpecification\",\"valueRequired\":true,\"valueName\":\"search_term_string\"}}],\"inLanguage\":\"nl-NL\"},{\"@type\":\"Organization\",\"@id\":\"https:\\\/\\\/ibj.be\\\/nl\\\/#organization\",\"name\":\"IBJ - IJE\",\"url\":\"https:\\\/\\\/ibj.be\\\/nl\\\/\",\"logo\":{\"@type\":\"ImageObject\",\"inLanguage\":\"nl-NL\",\"@id\":\"https:\\\/\\\/ibj.be\\\/nl\\\/#\\\/schema\\\/logo\\\/image\\\/\",\"url\":\"https:\\\/\\\/ibj.be\\\/wp-content\\\/uploads\\\/2024\\\/06\\\/ibj-ije-logo-color.svg\",\"contentUrl\":\"https:\\\/\\\/ibj.be\\\/wp-content\\\/uploads\\\/2024\\\/06\\\/ibj-ije-logo-color.svg\",\"width\":288,\"height\":121,\"caption\":\"IBJ - IJE\"},\"image\":{\"@id\":\"https:\\\/\\\/ibj.be\\\/nl\\\/#\\\/schema\\\/logo\\\/image\\\/\"},\"sameAs\":[\"https:\\\/\\\/www.linkedin.com\\\/company\\\/10961968\\\/\"]}]}<\/script>\n<!-- \/ Yoast SEO plugin. -->","yoast_head_json":{"title":"Regionale activiteiten - IBJ - IJE","robots":{"index":"index","follow":"follow","max-snippet":"max-snippet:-1","max-image-preview":"max-image-preview:large","max-video-preview":"max-video-preview:-1"},"canonical":"https:\/\/ibj.be\/nl\/events\/regionale-activiteiten\/","og_locale":"nl_NL","og_type":"article","og_title":"Regionale activiteiten - IBJ - IJE","og_description":"Om het IBJ nog beter bereikbaar te maken en om nog dichter bij \u00e1lle leden te staan, organiseren we elk seizoen enkele activiteiten in Vlaanderen en Walloni\u00eb, dit met de steun van onze regionale comit\u00e9s en regionale partners.","og_url":"https:\/\/ibj.be\/nl\/events\/regionale-activiteiten\/","og_site_name":"IBJ - IJE","article_modified_time":"2024-12-17T14:16:00+00:00","twitter_card":"summary_large_image","twitter_misc":{"Geschatte leestijd":"1 minuut"},"schema":{"@context":"https:\/\/schema.org","@graph":[{"@type":"WebPage","@id":"https:\/\/ibj.be\/nl\/events\/regionale-activiteiten\/","url":"https:\/\/ibj.be\/nl\/events\/regionale-activiteiten\/","name":"Regionale activiteiten - IBJ - IJE","isPartOf":{"@id":"https:\/\/ibj.be\/nl\/#website"},"datePublished":"2024-08-14T14:12:39+00:00","dateModified":"2024-12-17T14:16:00+00:00","breadcrumb":{"@id":"https:\/\/ibj.be\/nl\/events\/regionale-activiteiten\/#breadcrumb"},"inLanguage":"nl-NL","potentialAction":[{"@type":"ReadAction","target":["https:\/\/ibj.be\/nl\/events\/regionale-activiteiten\/"]}]},{"@type":"BreadcrumbList","@id":"https:\/\/ibj.be\/nl\/events\/regionale-activiteiten\/#breadcrumb","itemListElement":[{"@type":"ListItem","position":1,"name":"Home","item":"https:\/\/ibj.be\/nl\/"},{"@type":"ListItem","position":2,"name":"Activiteiten","item":"https:\/\/ibj.be\/nl\/events\/"},{"@type":"ListItem","position":3,"name":"Regionale activiteiten"}]},{"@type":"WebSite","@id":"https:\/\/ibj.be\/nl\/#website","url":"https:\/\/ibj.be\/nl\/","name":"IBJ - IJE","description":"","publisher":{"@id":"https:\/\/ibj.be\/nl\/#organization"},"potentialAction":[{"@type":"SearchAction","target":{"@type":"EntryPoint","urlTemplate":"https:\/\/ibj.be\/nl\/?s={search_term_string}"},"query-input":{"@type":"PropertyValueSpecification","valueRequired":true,"valueName":"search_term_string"}}],"inLanguage":"nl-NL"},{"@type":"Organization","@id":"https:\/\/ibj.be\/nl\/#organization","name":"IBJ - IJE","url":"https:\/\/ibj.be\/nl\/","logo":{"@type":"ImageObject","inLanguage":"nl-NL","@id":"https:\/\/ibj.be\/nl\/#\/schema\/logo\/image\/","url":"https:\/\/ibj.be\/wp-content\/uploads\/2024\/06\/ibj-ije-logo-color.svg","contentUrl":"https:\/\/ibj.be\/wp-content\/uploads\/2024\/06\/ibj-ije-logo-color.svg","width":288,"height":121,"caption":"IBJ - IJE"},"image":{"@id":"https:\/\/ibj.be\/nl\/#\/schema\/logo\/image\/"},"sameAs":["https:\/\/www.linkedin.com\/company\/10961968\/"]}]}},"_links":{"self":[{"href":"https:\/\/ibj.be\/nl\/wp-json\/wp\/v2\/pages\/3457","targetHints":{"allow":["GET"]}}],"collection":[{"href":"https:\/\/ibj.be\/nl\/wp-json\/wp\/v2\/pages"}],"about":[{"href":"https:\/\/ibj.be\/nl\/wp-json\/wp\/v2\/types\/page"}],"author":[{"embeddable":true,"href":"https:\/\/ibj.be\/nl\/wp-json\/wp\/v2\/users\/1"}],"replies":[{"embeddable":true,"href":"https:\/\/ibj.be\/nl\/wp-json\/wp\/v2\/comments?post=3457"}],"version-history":[{"count":0,"href":"https:\/\/ibj.be\/nl\/wp-json\/wp\/v2\/pages\/3457\/revisions"}],"up":[{"embeddable":true,"href":"https:\/\/ibj.be\/nl\/wp-json\/wp\/v2\/pages\/3334"}],"wp:attachment":[{"href":"https:\/\/ibj.be\/nl\/wp-json\/wp\/v2\/media?parent=3457"}],"curies":[{"name":"wp","href":"https:\/\/api.w.org\/{rel}","templated":true}]}}